{"id":1722,"date":"2022-01-13T17:24:56","date_gmt":"2022-01-13T16:24:56","guid":{"rendered":"http:\/\/amisjosephvaylet.fr\/?page_id=1722"},"modified":"2022-01-13T17:58:52","modified_gmt":"2022-01-13T16:58:52","slug":"despartida","status":"publish","type":"page","link":"https:\/\/amisjosephvaylet.fr\/?page_id=1722","title":{"rendered":"Despartida"},"content":{"rendered":"<p><img loading=\"lazy\" decoding=\"async\" class=\" wp-image-858 alignleft\" src=\"https:\/\/amisjosephvaylet.fr\/wp-content\/uploads\/2020\/11\/Photo-Zefir-Bosc-264x300.jpg\" alt=\"\" width=\"225\" height=\"256\" srcset=\"https:\/\/amisjosephvaylet.fr\/wp-content\/uploads\/2020\/11\/Photo-Zefir-Bosc-264x300.jpg 264w, https:\/\/amisjosephvaylet.fr\/wp-content\/uploads\/2020\/11\/Photo-Zefir-Bosc-768x872.jpg 768w, https:\/\/amisjosephvaylet.fr\/wp-content\/uploads\/2020\/11\/Photo-Zefir-Bosc-902x1024.jpg 902w, https:\/\/amisjosephvaylet.fr\/wp-content\/uploads\/2020\/11\/Photo-Zefir-Bosc-1200x1363.jpg 1200w, https:\/\/amisjosephvaylet.fr\/wp-content\/uploads\/2020\/11\/Photo-Zefir-Bosc.jpg 1377w\" sizes=\"auto, (max-width: 225px) 85vw, 225px\" \/><\/p>\n<p>L&rsquo;association <span class=\"_4yxo _4yxp\">\u00ab\u00a0Les Amis de Joseph Vaylet\u00a0\u00bb<\/span> a la grande tristesse de vous faire part du d\u00e9c\u00e8s de son Vice-Pr\u00e9sident le <span class=\"_4yxo\">Majoral du F\u00e9librige Zefir Bosc<\/span> ce <strong>mercredi 25 novembre 2020<\/strong>.<br \/>\n<em><span class=\"d2edcug0 hpfvmrgz qv66sw1b c1et5uql rrkovp55 a8c37x1j keod5gw0 nxhoafnm aigsh9s9 d3f4x2em fe6kdd0r mau55g9w c8b282yb iv3no6db jq4qci2q a3bd9o3v knj5qynh oo9gr5id\" dir=\"auto\"><span class=\"d2edcug0 hpfvmrgz qv66sw1b c1et5uql rrkovp55 jq4qci2q a3bd9o3v knj5qynh oo9gr5id\">(Zefir Bosc lors de la d\u00e9dicace de \u00ab\u00a0Promenade en Vall\u00e9e d&rsquo;Olt\u00a0\u00bb d\u00e9cembre 2009 &#8211; Photo Jean Moisset.)<\/span><\/span><\/em><\/p>\n<p>&nbsp;<\/p>\n<p>&nbsp;<\/p>\n<p>Le bureau de l&rsquo;association \u00ab\u00a0Les Amis de Joseph Vaylet, Occitans en Ro\u00e8rgue-Nalt\u00a0\u00bb rend hommage dans la Presse \u00e0 son Vice-Pr\u00e9sident Zefir B\u00f2sc.<br \/>\n<a href=\"https:\/\/amisjosephvaylet.fr\/wp-content\/uploads\/2020\/12\/Article-Centre-Presse-Dimanche-6-d\u00e9cembre-2020.pdf\" target=\"_blank\" rel=\"noopener\"><strong>Centre Presse<\/strong> <em>Dimanche 6 d\u00e9cembre 2020<\/em><\/a><br \/>\n<a href=\"https:\/\/amisjosephvaylet.fr\/wp-content\/uploads\/2020\/12\/Article-Bulletin-dEspalion.pdf\" target=\"_blank\" rel=\"noopener\"><strong>Le Bulletin d&rsquo;Espalion<\/strong> <em>Jeudi 10 d\u00e9cembre 2020<\/em><\/a><\/p>\n","protected":false},"excerpt":{"rendered":"<p>L&rsquo;association \u00ab\u00a0Les Amis de Joseph Vaylet\u00a0\u00bb a la grande tristesse de vous faire part du d\u00e9c\u00e8s de son Vice-Pr\u00e9sident le Majoral du F\u00e9librige Zefir Bosc ce mercredi 25 novembre 2020. (Zefir Bosc lors de la d\u00e9dicace de \u00ab\u00a0Promenade en Vall\u00e9e d&rsquo;Olt\u00a0\u00bb d\u00e9cembre 2009 &#8211; Photo Jean Moisset.) &nbsp; &nbsp; Le bureau de l&rsquo;association \u00ab\u00a0Les Amis &hellip; <a href=\"https:\/\/amisjosephvaylet.fr\/?page_id=1722\" class=\"more-link\">Continuer la lecture<span class=\"screen-reader-text\"> de &laquo;&nbsp;Despartida&nbsp;&raquo;<\/span><\/a><\/p>\n","protected":false},"author":5,"featured_media":0,"parent":0,"menu_order":0,"comment_status":"closed","ping_status":"closed","template":"","meta":{"footnotes":""},"class_list":["post-1722","page","type-page","status-publish","hentry"],"_links":{"self":[{"href":"https:\/\/amisjosephvaylet.fr\/index.php?rest_route=\/wp\/v2\/pages\/1722","targetHints":{"allow":["GET"]}}],"collection":[{"href":"https:\/\/amisjosephvaylet.fr\/index.php?rest_route=\/wp\/v2\/pages"}],"about":[{"href":"https:\/\/amisjosephvaylet.fr\/index.php?rest_route=\/wp\/v2\/types\/page"}],"author":[{"embeddable":true,"href":"https:\/\/amisjosephvaylet.fr\/index.php?rest_route=\/wp\/v2\/users\/5"}],"replies":[{"embeddable":true,"href":"https:\/\/amisjosephvaylet.fr\/index.php?rest_route=%2Fwp%2Fv2%2Fcomments&post=1722"}],"version-history":[{"count":6,"href":"https:\/\/amisjosephvaylet.fr\/index.php?rest_route=\/wp\/v2\/pages\/1722\/revisions"}],"predecessor-version":[{"id":1729,"href":"https:\/\/amisjosephvaylet.fr\/index.php?rest_route=\/wp\/v2\/pages\/1722\/revisions\/1729"}],"wp:attachment":[{"href":"https:\/\/amisjosephvaylet.fr\/index.php?rest_route=%2Fwp%2Fv2%2Fmedia&parent=1722"}],"curies":[{"name":"wp","href":"https:\/\/api.w.org\/{rel}","templated":true}]}}