{"id":1710,"date":"2022-01-05T16:37:26","date_gmt":"2022-01-05T15:37:26","guid":{"rendered":"http:\/\/amisjosephvaylet.fr\/?page_id=1710"},"modified":"2022-01-05T16:37:26","modified_gmt":"2022-01-05T15:37:26","slug":"le-felibre","status":"publish","type":"page","link":"https:\/\/amisjosephvaylet.fr\/?page_id=1710","title":{"rendered":"Le F\u00e9libre"},"content":{"rendered":"<p><strong><em>\u00ab\u00a0Avant propos\u00a0\u00bb<br \/>\n<\/em><\/strong>Au cours de ses p\u00e9r\u00e9grinations de facteur des Postes, de Receveur-Distributeur, puis de V\u00e9rificateur des Services de la distribution postale et pour terminer\u00a0: Chef d\u2019\u00e9tablissement postal, Z\u00e9phirin Bosc dit Z\u00e9fir, devenu f\u00e9libre en suivant l\u2019exemple d\u2019Enric Mouly, majoral du F\u00e9librige\u00a0: s\u2019int\u00e9ressera d\u00e8s 1960, \u00e0 la vie rurale qu\u2019il c\u00f4toya incessamment, \u00e0 la langue d\u2019oc encore vivante, en son terroir du Haut Rouergue, dit\u00a0: \u2019\u2019Nord Aveyron\u2019\u2019 o\u00f9 se d\u00e9sertifiaient, constamment, certains hameaux des communes rurales. Il s\u2019adonnera, alors, \u00e0 la recherche de l\u2019origine des noms de lieux, \u00e0 leur signification languedocienne, \u00e0 la r\u00e9sonance qu\u2019inspirait en lui, la majorit\u00e9 des mots et patronymes, encore utilis\u00e9s dans le langage quotidien des ruraux, n\u00e9s avant 1950. Les deux guerres pass\u00e9es et la modernisation rurale, avaient provoqu\u00e9 un exode massif de nos campagnes, d\u2019o\u00f9 l\u2019abandon de la langue maternelle. R\u00e9alit\u00e9 encore plus flagrante, aujourd\u2019hui, en ce d\u00e9but du vingt uni\u00e8me si\u00e8cle, malgr\u00e9 \u00a0l\u2019enseignement parcimonieux de l\u2019occitan\u2026<br \/>\nIl s\u2018aper\u00e7ut que ces mots et expressions, issus de notre idiome local, \u00e9taient ainsi parl\u00e9s, depuis plusieurs g\u00e9n\u00e9rations et qu\u2019ils avaient pour origine la langue des troubadours, malheureusement d\u00e9valoris\u00e9e avec l\u2019enseignement exclusif du Fran\u00e7ais \u00e0 l\u2019\u00e9cole primaire. Ainsi la Langue d\u2019Oc, avait \u00e9t\u00e9 mise au rang vulgaire de patois, par d\u00e9crets et par la majorit\u00e9 des enseignants. La langue de promotion n\u2019\u00e9tant alors que le fran\u00e7ais scolaire\u2026<br \/>\nN\u00e9 po\u00e8te (les po\u00e9sies de Fran\u00e7ois Fabi\u00e9 ayant berc\u00e9 toute son adolescence), il a retrouv\u00e9, en cette merveilleuse langue d\u2019Oc, la meilleure fa\u00e7on de s\u2019exprimer, par des po\u00e8mes et des r\u00e9cits occitans.<br \/>\nAujourd\u2019hui, valeur s\u00fbre de la po\u00e9sie occitane, avec ses nombreuses compositions, il a glan\u00e9 divers prix litt\u00e9raires, consacr\u00e9s \u00e0 la Langue d\u2019Oc, en particulier au sein du F\u00e9librige, \u00e0 l\u2019Acad\u00e9mie des Jeux Floraux de Cl\u00e9mence Isaure de Toulouse (la plus vieille acad\u00e9mie de France\u00a0: 14<sup>\u00e8me<\/sup>\u00a0 si\u00e8cle, pr\u00e9vue \u00e0 sa cr\u00e9ation pour valoriser la Langue d\u2019Oc) et dans d\u2019autres diverses associations litt\u00e9raires provinciales qui pratiquent la promotion de l\u2019Occitan, dans son ensemble. En outre, il se veut occasionnellement historien, avec ses \u00e9tudes sur la l\u2019ancienne navigation fluviale des gabarriers du Lot (L\u2019Olt), la p\u00eache ancienne, la culture de la vigne en vall\u00e9e d\u2019Olt et l\u2019histoire locale de certaines communaut\u00e9s, les contes et l\u00e9gendes d\u2019autres fois, etc.<\/p>\n<p><strong>Zephirin BOSC,<br \/>\n<\/strong><strong>\u00e9crivain, po\u00e8te occitan et historien local.<\/strong><\/p>\n<p>&#8211; Manten\u00e8ire del Felibrige en 1973, pour la Sainte Estelle du F\u00e9librige de Millau, N\u00b0 9258<br \/>\n&#8211; M\u00e8stre en Gai Saber du F\u00e9librige, nomm\u00e9 en 1977 \u00e0 la Santo Estello de Mon\u00e8gue (Monaco), re\u00e7oit la <a href=\"https:\/\/amisjosephvaylet.fr\/wp-content\/uploads\/2021\/11\/A-MON-CAR-AMIC-ZEFIR-B\u00d2SC-pour-la-cigale-dargent-1.pdf\" target=\"_blank\" rel=\"noopener\">Cigale d&rsquo;Argent<\/a>.<br \/>\n&#8211; Majoral du F\u00e9librige, \u00e9lu en 1980, pour la Santo Estello de Cannes, re\u00e7oit la <a href=\"https:\/\/amisjosephvaylet.fr\/wp-content\/uploads\/2021\/11\/Per-la-cigala-daur-de-Zefir-B\u00f2sc-1.pdf\" target=\"_blank\" rel=\"noopener\">Cigale d&rsquo;Or<\/a>.<br \/>\n&#8211; Chevalier des Arts et Lettres, nomm\u00e9 le 30 mai 1996, par le Ministre de la Culture\u00a0: Douste-Blazy<\/p>\n","protected":false},"excerpt":{"rendered":"<p>\u00ab\u00a0Avant propos\u00a0\u00bb Au cours de ses p\u00e9r\u00e9grinations de facteur des Postes, de Receveur-Distributeur, puis de V\u00e9rificateur des Services de la distribution postale et pour terminer\u00a0: Chef d\u2019\u00e9tablissement postal, Z\u00e9phirin Bosc dit Z\u00e9fir, devenu f\u00e9libre en suivant l\u2019exemple d\u2019Enric Mouly, majoral du F\u00e9librige\u00a0: s\u2019int\u00e9ressera d\u00e8s 1960, \u00e0 la vie rurale qu\u2019il c\u00f4toya incessamment, \u00e0 la langue &hellip; <a href=\"https:\/\/amisjosephvaylet.fr\/?page_id=1710\" class=\"more-link\">Continuer la lecture<span class=\"screen-reader-text\"> de &laquo;&nbsp;Le F\u00e9libre&nbsp;&raquo;<\/span><\/a><\/p>\n","protected":false},"author":5,"featured_media":0,"parent":0,"menu_order":0,"comment_status":"closed","ping_status":"closed","template":"","meta":{"footnotes":""},"class_list":["post-1710","page","type-page","status-publish","hentry"],"_links":{"self":[{"href":"https:\/\/amisjosephvaylet.fr\/index.php?rest_route=\/wp\/v2\/pages\/1710","targetHints":{"allow":["GET"]}}],"collection":[{"href":"https:\/\/amisjosephvaylet.fr\/index.php?rest_route=\/wp\/v2\/pages"}],"about":[{"href":"https:\/\/amisjosephvaylet.fr\/index.php?rest_route=\/wp\/v2\/types\/page"}],"author":[{"embeddable":true,"href":"https:\/\/amisjosephvaylet.fr\/index.php?rest_route=\/wp\/v2\/users\/5"}],"replies":[{"embeddable":true,"href":"https:\/\/amisjosephvaylet.fr\/index.php?rest_route=%2Fwp%2Fv2%2Fcomments&post=1710"}],"version-history":[{"count":4,"href":"https:\/\/amisjosephvaylet.fr\/index.php?rest_route=\/wp\/v2\/pages\/1710\/revisions"}],"predecessor-version":[{"id":1715,"href":"https:\/\/amisjosephvaylet.fr\/index.php?rest_route=\/wp\/v2\/pages\/1710\/revisions\/1715"}],"wp:attachment":[{"href":"https:\/\/amisjosephvaylet.fr\/index.php?rest_route=%2Fwp%2Fv2%2Fmedia&parent=1710"}],"curies":[{"name":"wp","href":"https:\/\/api.w.org\/{rel}","templated":true}]}}