{"id":1490,"date":"2021-11-25T19:03:48","date_gmt":"2021-11-25T18:03:48","guid":{"rendered":"http:\/\/amisjosephvaylet.fr\/?page_id=1490"},"modified":"2022-01-05T16:31:29","modified_gmt":"2022-01-05T15:31:29","slug":"prix-litteraires-et-biographie","status":"publish","type":"page","link":"https:\/\/amisjosephvaylet.fr\/?page_id=1490","title":{"rendered":"Prix litt\u00e9raires"},"content":{"rendered":"<p style=\"text-align: center;\"><strong>Prix litt\u00e9raires de Zefir B\u00f2sc, <\/strong><strong>M\u00e8stre en Gai Saber et Majoral du F\u00e9librige. <em>(Chevalier des Arts et Lettres).<br \/>\n(\u00e9crit par Zefir fin 2019 et actualis\u00e9 en mai 2020)<br \/>\n<\/em><\/strong><\/p>\n<p><strong>\u00a0<\/strong><strong>Prix litt\u00e9raires obtenus.<\/strong><\/p>\n<p><strong>\u00a05\/11\/1973\u00a0:<\/strong> Prix du Conseil G\u00e9n\u00e9ral des Bouches du Rh\u00f4nes (m\u00e9daille de Mistral), au concours litt\u00e9raire de \u2019\u2019L\u2019Eissame\u2019\u2019 \u00e0 Salon de Provence, pour le po\u00e8me\u00a0: \u2019\u2019Can\u00e7on de novelum\u2019\u2019.<br \/>\n<strong>8\/6\/1975\u00a0:<\/strong> Prix du Conseil G\u00e9n\u00e9ral du Tarn (m\u00e9daille), au concours litt\u00e9raire de \u2019\u2019La Bruga del Sid\u00f2bre\u2019\u2019, pour le sonnet\u00a0: \u2019\u2019L\u2019anma del Sid\u00f2bre\u00a0\u2018\u2019.<br \/>\n<strong>3\/5\/1976\u00a0:<\/strong> \u0152illet d\u2019argent \u00e0 l\u2019Acad\u00e9mie des Jeux Floraux de Toulouse pour le po\u00e8me\u00a0: \u2019\u2019L\u2019Aubrac\u2019\u2019 ou \u2018\u2019T\u00e8rra d\u2019Aubrac\u2019\u2019.<br \/>\n<strong>Pentec\u00f4te 1976\u00a0:<\/strong> 2<sup>\u00e8me<\/sup> prix pour la po\u00e9sie (m\u00e9daille de Mistral, Mireille et des Saintes), aux Grands Jeux Floraux Septenaires du F\u00e9librige, \u00e0 P\u00e9rigueux, \u00a0pour le manuscrit de\u00a0: \u00ab\u00a0Al caire del Terrador\u00a0\u00bb.<br \/>\n<strong>7\/11\/1976\u00a0:<\/strong> Prix de po\u00e9sie (m\u00e9daille de Mistral, du Conseil g\u00e9n\u00e9ral des Bouches du Rhone), au concours de \u2019\u2019L\u2019Eissame\u2019\u2019 \u00e0 Salon de Provence, pour le po\u00e8me\u00a0: \u2019\u2019L\u2019\u00d2ltis\u2019\u2019.<br \/>\n<strong>23\/4\/1977\u00a0:<\/strong> 2<sup>\u00e8me<\/sup> Prix \u2019\u2019Emeraude\u2019\u2019, concours de Louisa Paulin \u00e0 R\u00e9almont, pour le po\u00e8me de\u00a0: \u00ab\u00a0Casals de mon pa\u00efs\u2019\u00a0\u00bb<br \/>\n<strong>23\/4\/1977\u00a0:<\/strong> Prix d\u2019honneur, concours de Louisa Paulin, \u00e0 R\u00e9almont, pour\u00a0;\u00a0\u00ab\u00a0Ruisseau natal\u00a0\u00bb en fran\u00e7ais\u00a0;<br \/>\n<strong>15 d\u00e9cembre 1977\u00a0:<\/strong> Grand Pr\u00e8mi de La Bresco (abeille d\u2019argent), \u00e0 l\u2019Eissame de Salon de Provence, pour \u00ab\u00a0 Bufal Montanh\u00f2l\u00a0\u00bb\u00a0;<br \/>\n<strong>3\/5\/1978\u00a0:<\/strong> Prix Odette Arolles de l\u2019Acad\u00e9mie des Jeux Floraux de Toulouse (500 francs), pour son recueil de po\u00e9sies\u00a0: \u00ab\u00a0Al caire del terrador\u00a0\u00bb et po\u00e9sie remarqu\u00e9e et inscrite au recueil\u00a0: \u2019\u2019Qual te dir\u00e0\u2019\u2019.<br \/>\n<strong>19\/11\/1978\u00a0:<\/strong> Prix d\u2019honneur (hors concours) de\u00a0: L\u2019 Eissame de Salon de Provence, pour le po\u00e8me de\u00a0:\u00ab\u00a0Remembres\u00a0\u00bb.<br \/>\n<strong>23\/4\/1978\u00a0:<\/strong> Prix de po\u00e9sie\u00a0: \u2019\u2019Emeraude\u2019\u2019, organis\u00e9 par Les Amis de Louisa Paulin de R\u00e9almont, pour le po\u00e8me\u00a0: \u2019\u2019Lo cant del po\u00e8ta\u2019\u2019<br \/>\n<strong>Novembre 1978\u00a0:<\/strong> Prix de po\u00e9sie, au concours litt\u00e9raire, de l\u2019Eissame \u00e0 Salon de Provence, pour le po\u00e8me \u2019\u2019 La canta del gabarri\u00e8r\u00a0\u2018\u2019.<br \/>\n<strong>22\/4\/1979\u00a0:<\/strong> Prix Emeraude, au concours po\u00e9tique de Louisa Paulin de R\u00e9almont, pour le po\u00e8me\u00a0:\u00ab\u00a0Resson sorgent\u00a0\u00bb<br \/>\n<strong>15\/5\/1\u00a0979\u00a0:<\/strong> Prix Louise Ouradou, remis \u00e0 La Crouzette, pour le po\u00e8me\u00a0:\u00ab\u00a0L\u2019enfant\u00a0\u00bb, au concours de La Bruga del Sid\u00f2bre, offert par la ville de Brassac.<br \/>\n<strong>18\/11\/1979\u00a0:<\/strong> Tresen pr\u00e8mi de l\u2019Astrado Prouven\u00e7alo, au concours de \u2019\u2019l\u2019Eissame et La Bresco de Seloun de Prouven\u00e7o\u2019\u2019, pour le po\u00e8me de\u00a0: \u2018\u2019Cansoun de nouvelum\u2019\u2019<br \/>\n<strong>3\/3\/1980\u00a0:<\/strong> Grand Prix de \u2019\u2019l\u2019Esc\u00f2la Jaufre Rud\u00e8l\u2019\u2019 de Bordeaux (attribu\u00e9 par le comte de Lur-Saluces, du ch\u00e2teau Eyquem\u00a0: 3\u00a0000 frs), pour le manuscrit de po\u00e8mes\u00a0: \u2019\u2019Asu\u00e8lhs Regu\u00e8rgues\u2019\u2019.<br \/>\n<strong>13\/5\/1980\u00a0:<\/strong> Prix Lucr\u00e8ce d\u2019Elb\u00e8ne, attribu\u00e9 par la ville de Montredon-la-Bessonni\u00e9 (Tarn), et \u2019\u2019La Bruga del Sid\u00f2bre\u2019\u2019, pour le po\u00e8me\u00a0:\u00a0\u00ab\u00a0 La crotz del Morgue\u00a0\u00bb.<br \/>\n<strong>1\/7\/1980\u00a0:<\/strong> Prix de la F\u00e9libr\u00e9e du \u2019\u2019Bornat dau Peirig\u00f2rd\u2019\u2019, pour le po\u00e8me de \u00ab\u00a0 La crotz del Morgue\u00a0\u00bb.<br \/>\n<strong>9\/10\/1980\u00a0:<\/strong> Premier prix de \u2018\u2019La Saladello\u2019\u2019 \u00e0 l\u2019Acad\u00e9mie des Jeux Floraux de Tarascon, pour le po\u00e8me\u00a0 \u00ab\u00a0La canta del gabarri\u00e8r\u00a0\u00bb.<br \/>\n<strong>2\/3\/1981\u00a0:<\/strong> \u2019\u2019Prix des \u00e9crivains et terre natale\u2019\u2019, attribu\u00e9 par le Conseil G\u00e9n\u00e9ral de l\u2019Aveyron, pour\u00a0 \u00ab\u00a0Contes de la Haute Viad\u00e8ne\u00a0\u00bb, \u00a0de 5\u00a0000 francs attribu\u00e9 au Grelh Roerg\u00e0s pour l\u2019\u00e9dition d\u2019un recueil.<br \/>\n<strong>3\/5\/1981\u00a0:<\/strong> Po\u00e9sie mentionn\u00e9e tr\u00e8s honorable par l\u2019Acad\u00e9mie des Jeux Floraux de Toulouse, pour le po\u00e8me de\u00a0: \u00ab\u00a0Sason d\u2019Auton\u00a0\u00bb.<br \/>\n<strong>Juin 1981\u00a0:<\/strong> prix de \u2019\u2019La Bruga del Sid\u00f2bre de la Crouzette\u2019\u2019, offert par le d\u00e9put\u00e9 du Tarn\u00a0: Charles Lemouzy, pour le po\u00e8me\u00a0: \u2019\u2019Passejada nevenca\u2019\u2019<br \/>\n<strong>8\/9\/1981\u00a0:<\/strong> Premier prix de po\u00e9sie, au concours de \u2019\u2019La Gin\u00e8sta d\u2019Or\u2019\u2019 de Perpignan, pour\u00a0:\u2019\u2019La can\u00e7on del po\u00ebta\u2019\u2019.<br \/>\n<strong>11\/10\/1981\u00a0:<\/strong> Prix de l\u2019Eissame (Flour de saladello) aux Jeux Floraux de Tarascon, pour le po\u00e8me\u00a0: \u00ab\u00a0N\u00e8u d\u2019Aubrac o Passejada nevenca\u00a0\u00bb.<br \/>\n<strong>3\/5\/1982\u00a0:<\/strong> Prix Clabauch Thorton de l\u2019Acad\u00e9mie des Jeux Floraux de Toulouse (400 francs), pour son recueil de\u00a0:\u2019\u2019Contes de la Nalta Viadena\u2019\u2019.<br \/>\n<strong>Juillet 1982\u00a0:<\/strong> Prix de la f\u00e9libr\u00e9e du \u2019\u2019Bornat d\u2019au Peirig\u00f2rd\u2019\u2019, pour le conte\u00a0: \u00ab\u00a0L\u2019 Enguilassa\u00a0\u00bb.<br \/>\n<strong>3\/5\/1983\u00a0:<\/strong> Corba D\u00f2na \u2019\u2019Narcisse\u2019\u2019 d\u2019argent de l\u2019Acad\u00e9mie des Jeux Floraux de Toulouse, pour son po\u00e8me\u00a0:\u2019\u2019 Lo vi\u00e8lh masuc\u2019\u2019.<br \/>\n<strong>27\/5\/1984\u00a0:<\/strong> 2<sup>\u00e8me<\/sup> prix au concours po\u00e9tique des \u2019\u2019Amis de Louisa Paulin\u2019\u2019 \u00e0 R\u00e9almont, section \u00e9meraude (prix\u00a0: Marcel Brun), avec le po\u00e8me\u00a0: \u2019\u2019Fraires del monde\u2019\u2019.<br \/>\n<strong>3\/5\/1985\u00a0:<\/strong> M\u00e9daille de bronze de l\u2019Acad\u00e9mie des Jeux Floraux de Toulouse, pour le po\u00e8me\u00a0:\u2019\u2019 Lo malp\u00e0s dels negats\u2019\u2019.<br \/>\n<strong>Juillet 1986\u00a0:<\/strong> M\u00e9daille du\u00a0:\u2019\u2019 Bornat dau Peirig\u00f2rd\u2019\u2019, pour la traduction de l\u2019espagnol en occitan de\u00a0: <strong><em>\u00ab\u00a0Relaci\u00f3n de viaje, de Alvar N\u00fa\u00f1ez Cabeza de Vaca\u00a0\u00bb<\/em><\/strong>, (M\u00e9moire de Jean Monestier).<br \/>\n<strong>Ao\u00fbt 1988\u00a0:<\/strong> \u2019\u2019Pr\u00e8mi Pau Froment\u2019\u2019 de la ville de Penne d\u2019Agenais (Lot et Garonne), pour son recueil de r\u00e9cits et l\u00e9gendes\u00a0: \u00ab\u00a0Racontes del Pa\u00efs Ribieir\u00f2l\u00bb.<br \/>\n<strong>2\/10\/1988\u00a0:<\/strong> Premier prix de prose aux Jeux Floraux septenaires de Sceaux (m\u00e9daille de Florian), pour son conte de \u2019\u2019La prangi\u00e8ira del drac\u2019\u2019<br \/>\n<strong>16\/3\/1989\u00a0:<\/strong> Premier prix, (m\u00e9daille) de \u2018\u2019La Gin\u00e8sta d\u2019aur\u2019\u2019 \u00e0 Perpignan, pour un ensemble de po\u00e8mes dont\u00a0: \u00ab\u00a0 Pregaria d\u2019auton\u00a0\u00bb<br \/>\n<strong>3\/5\/1989\u00a0:<\/strong> M\u00e9daille d\u2019argent de l\u2019Acad\u00e9mie des Jeux Floraux de Toulouse pour son po\u00e8me\u00a0:\u2019\u2019 Preg\u00e0ria d\u2019auton\u2019\u2019.<br \/>\n<strong>3\/5\/1990\u00a0: <\/strong>Acad\u00e9mie des Jeux Floraux de Toulouse, signalement de son po\u00e8me\u00a0: \u2019\u2019Enfant polit\u2019\u2019, et Prix Pascal Vignal pour son recueuil\u00a0 \u00ab\u00a0Les gabarriers du Lot\u00a0\u00bb.<br \/>\n<strong>Juillet 1990\u00a0:<\/strong> M\u00e9daille de La Soci\u00e9t\u00e9 des Arts et Lettres du P\u00e9rigord, attribu\u00e9e par \u2019\u2019Lo Bornat dau Peirig\u00f2rd\u2019\u2019, pour le po\u00e8me\u00a0: \u2019\u2019La crotz del Morgue\u2019\u2019.<br \/>\n<strong>3\/5\/1996\u00a0:<\/strong> M\u00e9daille d\u2019argent, exceptionnelle, de l\u2019Acad\u00e9mie des Jeux Floraux de Toulouse, pour son recueil de\u00a0: \u2019\u2019La vigne et le vin du Fel et d\u2019Entraygues\u2019\u2019.<br \/>\n<strong>26\/7\/1988\u00a0:<\/strong> Grand prix aux Jeux Floraux septenaires de Sceaux, avec l\u2019attribution d\u2019une fleur de glaieul, en argent, pour son po\u00e8me\u00a0: \u00ab\u00a0 Pregaria d\u2019un matin de pelegrin\u00a0\u00bb.<br \/>\n<strong>3\/5\/1997\u00a0:<\/strong> Po\u00e9sie signal\u00e9e d\u2019une mention honorable par l\u2019Acad\u00e9mie des Jeux Floraux de Toulouse pour son po\u00e8me\u00a0: \u2019\u2019V\u00f2t\u2019\u2019.<br \/>\n<strong>Septembre 1997\u00a0:<\/strong> Grand prix du \u2019\u2019Jasmin d\u2019argent\u2019\u2019 de La Soci\u00e9t\u00e9 Litt\u00e9raire\u00a0: \u2019\u2019l\u2019Esc\u00f2la Jansemin d\u2019Agen\u2019\u2019 (Lot et Garonne), pour son po\u00e8me\u00a0: \u2019\u2019La serena de Picotal\u2019\u2019.<br \/>\n<strong>13\/9\/2000\u00a0:<\/strong> Prix d\u2019occitan, attribu\u00e9 par \u2019\u2019Les Amis d\u2019Albert Boudon-Lashermes\u2019\u2019 du Puy en Velay, pour son po\u00e8me\u00a0: \u00ab\u00a0Lo castanhi\u00e8r\u00a0\u00bb, (remise de recueils consacr\u00e9s au Velay).<br \/>\n<strong>2\/6\/2002\u00a0:<\/strong> Grand prix aux Jeux Floraux Sept\u00e9naires de la ville de Sceaux, avec l\u2019attribution du gla\u00efeul d\u2019argent, pour son po\u00e8me\u00a0: \u2019\u2019Caminament de pelegrin\u2019\u2019.<br \/>\n<strong>3\/5\/2003\u00a0:<\/strong> Rappel de Narcisse d\u2019argent (corba d\u00f2na) de l\u2019Acad\u00e9mie des Jeux Floraux de Toulouse, pour son po\u00e8me\u00a0: \u2019\u2019A la Vi\u00e8rja d\u2019Aubrac\u2019\u2019.<br \/>\n<strong>3\/5\/2003<\/strong>\u00a0: Prix Fabien Artigues (m\u00e9daille de vermeil) de l\u2019Acad\u00e9mie des Jeux Foraux de Toulouse pour son recueil de\u00a0: \u2019\u2019Pescas d\u2019\u00d2lt\u2019\u2019.<br \/>\n<strong>3\/5\/2005\u00a0:<\/strong> M\u00e9daille de vermeil de l\u2019Acad\u00e9mie des Jeux Floraux de Toulouse, pour son po\u00e8me\u00a0: \u2019\u2019Passejada nevenca\u2019\u2019.<br \/>\n<strong>3\/5\/2007\u00a0:<\/strong> Prix Auguste Four\u00e8s, de l\u2019Acad\u00e9mie des Jeux Floraux Toulouse pour son recueil de\u00a0: \u2019\u2019Estivadas\/Transhumances en Aubrac et Carladez\u2019\u2019.<br \/>\n<strong>Septembre 2007\u00a0:<\/strong> Prix du Conseil G\u00e9n\u00e9ral (Lot et Garonne) attribu\u00e9 par \u2019\u2019L\u2019Esc\u00f2la Jansemin d\u2019Agen\u2019\u2019, pour son po\u00e8me\u00a0:\u2019\u2019En Bertrand de Born \u2019\u2019.<br \/>\n<strong>5\/9\/2\u00a0008\u00a0:<\/strong> Prix du Conseil G\u00e9n\u00e9ral au concours du Jasmin d\u2019Argent, \u00e0 Agen\u00a0; pour son po\u00e8me\u00a0:\u2019\u2019 La sorga ambe la maire\u2019\u2019.<br \/>\n<strong>3\/5\/2009\u00a0:<\/strong> Rappel de Narcisse d\u2019argent (corba d\u00f2na), par l\u2019Acad\u00e9mie des Jeux Foraux de Toulouse, pour son po\u00e8me\u00a0: \u2019\u2019Remembres\u2019\u2019.<br \/>\n<strong>3\/5\/2011\u00a0:<\/strong> Pr\u00e8tz Auguste Four\u00e8s de l\u2019Acad\u00e9mie des Jeux Floraux de Toulouse, pour son recueil de \u2019\u2019 Ecrits en Langue d\u2019Oc et auteurs occitans du Haut Rouergue\u2019\u2019.<br \/>\n<strong>3\/5\/2019\u00a0:<\/strong> Rappel d\u2019\u0152illet d\u2019argent, par l\u2019Acad\u00e9mie des Jeux Floraux de Toulouse, pour son po\u00e8me\u00a0: \u2019\u2019A la Vi\u00e8rja d\u2019en pertot\u2019\u2019.<br \/>\n<strong>\u00a03 mai 2020 :<\/strong> Rappel de fleur (\u0152illet), par l\u2019Acad\u00e9mie des Jeux Floraux de Toulouse\u00a0pour son po\u00e8me : \u00ab\u00a0Remembran\u00e7a d\u2019auton\u00a0\u00bb<\/p>\n<p>&nbsp;<\/p>\n","protected":false},"excerpt":{"rendered":"<p>Prix litt\u00e9raires de Zefir B\u00f2sc, M\u00e8stre en Gai Saber et Majoral du F\u00e9librige. (Chevalier des Arts et Lettres). (\u00e9crit par Zefir fin 2019 et actualis\u00e9 en mai 2020) \u00a0Prix litt\u00e9raires obtenus. \u00a05\/11\/1973\u00a0: Prix du Conseil G\u00e9n\u00e9ral des Bouches du Rh\u00f4nes (m\u00e9daille de Mistral), au concours litt\u00e9raire de \u2019\u2019L\u2019Eissame\u2019\u2019 \u00e0 Salon de Provence, pour le po\u00e8me\u00a0: &hellip; <a href=\"https:\/\/amisjosephvaylet.fr\/?page_id=1490\" class=\"more-link\">Continuer la lecture<span class=\"screen-reader-text\"> de &laquo;&nbsp;Prix litt\u00e9raires&nbsp;&raquo;<\/span><\/a><\/p>\n","protected":false},"author":5,"featured_media":0,"parent":1397,"menu_order":20,"comment_status":"closed","ping_status":"closed","template":"","meta":{"footnotes":""},"class_list":["post-1490","page","type-page","status-publish","hentry"],"_links":{"self":[{"href":"https:\/\/amisjosephvaylet.fr\/index.php?rest_route=\/wp\/v2\/pages\/1490","targetHints":{"allow":["GET"]}}],"collection":[{"href":"https:\/\/amisjosephvaylet.fr\/index.php?rest_route=\/wp\/v2\/pages"}],"about":[{"href":"https:\/\/amisjosephvaylet.fr\/index.php?rest_route=\/wp\/v2\/types\/page"}],"author":[{"embeddable":true,"href":"https:\/\/amisjosephvaylet.fr\/index.php?rest_route=\/wp\/v2\/users\/5"}],"replies":[{"embeddable":true,"href":"https:\/\/amisjosephvaylet.fr\/index.php?rest_route=%2Fwp%2Fv2%2Fcomments&post=1490"}],"version-history":[{"count":11,"href":"https:\/\/amisjosephvaylet.fr\/index.php?rest_route=\/wp\/v2\/pages\/1490\/revisions"}],"predecessor-version":[{"id":1712,"href":"https:\/\/amisjosephvaylet.fr\/index.php?rest_route=\/wp\/v2\/pages\/1490\/revisions\/1712"}],"up":[{"embeddable":true,"href":"https:\/\/amisjosephvaylet.fr\/index.php?rest_route=\/wp\/v2\/pages\/1397"}],"wp:attachment":[{"href":"https:\/\/amisjosephvaylet.fr\/index.php?rest_route=%2Fwp%2Fv2%2Fmedia&parent=1490"}],"curies":[{"name":"wp","href":"https:\/\/api.w.org\/{rel}","templated":true}]}}